{"id":17,"date":"2010-11-22T09:48:36","date_gmt":"2010-11-22T09:48:36","guid":{"rendered":"http:\/\/www.bildanagramme.de\/blog\/cms\/?page_id=17"},"modified":"2022-01-21T21:21:52","modified_gmt":"2022-01-21T21:21:52","slug":"dozenten","status":"publish","type":"page","link":"http:\/\/www.kuwilabor.de\/?page_id=17","title":{"rendered":""},"content":{"rendered":"<p>Das Lehrer-Sch\u00fcler-Verh\u00e4ltnis ist ein oszillierendes. Derjenige, der spricht, ist in jedem Fall der Lehrer und derjenige, der zuh\u00f6rt, ist der Sch\u00fcler.\u00a0 <span style=\"color: #000000;\">Joseph Beuys<\/span><\/p>\n<p><strong><br \/>\nSimon Abegg<\/strong><br \/>\nKuwiLabor: WS 2012\/13<\/p>\n<p><strong>Anna Baumgartner<\/strong><br \/>\nKuwiLabor: SoSe 2013<\/p>\n<p><strong>Elena Betz<\/strong> <a href=\"http:\/\/elenabetz.wordpress.com\/\">http:\/\/elenabetz.wordpress.com\/<\/a><br \/>\nKuwiLabor: SoSe 2013<\/p>\n<p><strong>Florian Bihler<\/strong><br \/>\nKuwiLabor: WS 2012\/13<\/p>\n<p><strong>Elena Bombach<br \/>\n<\/strong>KuwiLabor: SoSe 2012<\/p>\n<p><strong>Franziska Busse<\/strong><br \/>\nKuwiLabor: SoSe 2012<\/p>\n<p><strong>Laura Nina Rosy B\u00fazon<\/strong><br \/>\nKuwiLabor: SoSe 2011<\/p>\n<p><strong>Tatjana Cingel<\/strong><br \/>\nKuwiLabor: SoSe 2012<\/p>\n<p><strong>Sonja Diepold<\/strong><br \/>\nKuwiLabor: SoSe 2012<\/p>\n<p><strong>Clara Diepold<\/strong><br \/>\nKuwiLabor: SoSe 2013<\/p>\n<p><strong>Laura Dietz<\/strong><br \/>\nKuwiLabor: WS 2012\/13<\/p>\n<p><strong>Hedwig Johanna Sophie Enthammer<\/strong><br \/>\nKuwiLabor: SoSe 2012, WS 2012\/13, SoSe 2013<\/p>\n<p><strong>Anne Garthe<\/strong><br \/>\nKuwiLabor: SoSe 2013<\/p>\n<p><strong>Christoph Haas<\/strong><br \/>\nKuwiLabor: SoSe 2012<\/p>\n<p><strong>Fatma Hancer<br \/>\n<\/strong>KuwiLabor: WS 2011\/12<\/p>\n<p><strong>Heiko H\u00f6fer<span style=\"color: #ffffff;\">.<\/span><\/strong><span style=\"color: #000000;\"><a href=\"http:\/\/www.heikohoefer.net\/\"> www.heikohoefer.net<\/a><\/span><br \/>\nKuwiLabor: WS 2009\/10, SoSe 2010, WS 2010\/11, SoSe 2010, WS 2011\/12, SoSe 2012, WS 2012\/13, SoSe 2013<\/p>\n<p><strong>Christoph J\u00e4ckle<br \/>\n<\/strong>KuwiLabor: SoSe 2011<\/p>\n<p><strong>Katharina Lutter<\/strong><br \/>\nKuwiLabor: WS 2010\/11, SoSe 2012<\/p>\n<p><strong>Diana Marxreiter<\/strong><br \/>\nKuwiLabor: SoSe 2013<\/p>\n<p><strong>Raphaela Mock<\/strong><br \/>\nKuwiLabor: SoSe 2011<\/p>\n<p><strong>Alexander Nickl<\/strong><br \/>\nKuwiLabor: WS 2009\/10, SoSe 2010, WS 2010\/11, SoSe 2011<\/p>\n<p><strong>Tanja Petrich<\/strong><br \/>\nKuwiLabor: SoSe 2012<\/p>\n<p><strong>Barbara Pichler<\/strong><br \/>\nKuwiLabor: SoSe 2012<\/p>\n<p><strong>Martina Ponath<\/strong><br \/>\nKuwiLabor: WS 2010\/11, SoSe 2012<\/p>\n<p><strong>Corinna Pusch<\/strong><br \/>\nKuwiLabor: SoSe 2012<\/p>\n<p><strong>Julian Raabe<\/strong> <a class=\"moz-txt-link-freetext\" href=\"http:\/\/julian-raabe.de\/\">http:\/\/julian-raabe.de\/<\/a><br \/>\nKuwiLabor: SoSe 2012, WS 2012\/13, SoSe 2013<\/p>\n<p><strong>Michaela Rapp<\/strong><br \/>\nKuwiLabor: WS 2012\/13<\/p>\n<p><strong>Jana-Katharina Reischl<\/strong><br \/>\nKuwiLabor: SoSe 2012<\/p>\n<p><strong>Dominik Renz<\/strong><br \/>\nKuwiLabor: WS 2010\/11, SoSe 2011, WS 2011\/12<\/p>\n<p><strong>Daniela Ruf<\/strong><br \/>\nKuwiLabor: SoSe 2013<\/p>\n<p><strong>Veronika Schmitt<\/strong><br \/>\nKuwiLabor: WS 2012\/13<\/p>\n<p><strong>Leyla Szeiler<\/strong><br \/>\nKuwiLabor: WS 2012\/13<\/p>\n<p><strong>Sabine Schneider<\/strong><br \/>\nKuwiLabor: SoSe 2012<\/p>\n<p><strong>Dominik Sollfrank<\/strong><br \/>\nKuwiLabor: WS 2009\/10, SoSe 2010, WS 2010\/11<\/p>\n<p><strong>Angelika St\u00f6cklein<\/strong><br \/>\nKuwiLabor: SoSe 2012, WS 2012\/13<\/p>\n<p><strong>Andrea St\u00f6cklein<\/strong><br \/>\nKuwiLabor: SoSe 2012<\/p>\n<p><strong>Anja Ulrich<\/strong><br \/>\nKuwiLabor: SoSe 2012<\/p>\n<p><strong>Judith Walter<\/strong><br \/>\nKuwiLabor: SoSe 2011<\/p>\n<p><strong>Anna Weisgerber<\/strong><br \/>\nKuwiLabor: SoSe 2012<\/p>\n<p><span style=\"color: #000000;\"><strong>Luna Winter<\/strong><\/span> <a class=\"moz-txt-link-freetext\" href=\"http:\/\/lunawintergallery.wordpress.com\/\">http:\/\/lunawintergallery.wordpress.com\/<\/a><br \/>\nKuwiLabor: WS 2009\/10, SoSe 2010, WS 2011\/12, SoSe 2012, WS 2012\/13, SoSe 2013<\/p>\n<p><strong>David W\u00fcrtemberger<\/strong><br \/>\nKuwiLabor: WS 2010\/11<\/p>\n<p><strong>Marie-Luise Zankl<\/strong><br \/>\nKuwiLabor: WS 2009\/10, SoSe 2012<\/p>\n<p><span style=\"color: #ffffff;\">..<\/span><\/p>\n<p><strong><span style=\"color: #ffffff;\">&#8230;&#8230;&#8230;&#8230;&#8230;&#8230;.<span style=\"color: #ffffff;\">&#8230;<\/span><\/span><span style=\"color: #ffffff;\">.<\/span><\/strong><\/p>\n<p>&nbsp;<\/p>\n","protected":false},"excerpt":{"rendered":"<p>Das Lehrer-Sch\u00fcler-Verh\u00e4ltnis ist ein oszillierendes. Derjenige, der spricht, ist in jedem Fall der Lehrer und derjenige, der zuh\u00f6rt, ist der Sch\u00fcler.\u00a0 Joseph Beuys Simon Abegg KuwiLabor: WS 2012\/13 Anna Baumgartner KuwiLabor: SoSe 2013 Elena Betz http:\/\/elenabetz.wordpress.com\/ KuwiLabor: SoSe 2013 Florian &hellip; <a href=\"http:\/\/www.kuwilabor.de\/?page_id=17\">Weiterlesen <span class=\"meta-nav\">&rarr;<\/span><\/a><\/p>\n","protected":false},"author":1,"featured_media":2483,"parent":0,"menu_order":0,"comment_status":"closed","ping_status":"closed","template":"onecolumn-page.php","meta":{"footnotes":""},"class_list":["post-17","page","type-page","status-publish","has-post-thumbnail","hentry"],"_links":{"self":[{"href":"http:\/\/www.kuwilabor.de\/index.php?rest_route=\/wp\/v2\/pages\/17","targetHints":{"allow":["GET"]}}],"collection":[{"href":"http:\/\/www.kuwilabor.de\/index.php?rest_route=\/wp\/v2\/pages"}],"about":[{"href":"http:\/\/www.kuwilabor.de\/index.php?rest_route=\/wp\/v2\/types\/page"}],"author":[{"embeddable":true,"href":"http:\/\/www.kuwilabor.de\/index.php?rest_route=\/wp\/v2\/users\/1"}],"replies":[{"embeddable":true,"href":"http:\/\/www.kuwilabor.de\/index.php?rest_route=%2Fwp%2Fv2%2Fcomments&post=17"}],"version-history":[{"count":114,"href":"http:\/\/www.kuwilabor.de\/index.php?rest_route=\/wp\/v2\/pages\/17\/revisions"}],"predecessor-version":[{"id":4187,"href":"http:\/\/www.kuwilabor.de\/index.php?rest_route=\/wp\/v2\/pages\/17\/revisions\/4187"}],"wp:featuredmedia":[{"embeddable":true,"href":"http:\/\/www.kuwilabor.de\/index.php?rest_route=\/wp\/v2\/media\/2483"}],"wp:attachment":[{"href":"http:\/\/www.kuwilabor.de\/index.php?rest_route=%2Fwp%2Fv2%2Fmedia&parent=17"}],"curies":[{"name":"wp","href":"https:\/\/api.w.org\/{rel}","templated":true}]}}